{"id":64,"date":"2019-03-22T11:10:03","date_gmt":"2019-03-22T10:10:03","guid":{"rendered":"http:\/\/216642.w42.wedos.ws\/?page_id=64"},"modified":"2026-04-17T04:16:35","modified_gmt":"2026-04-17T02:16:35","slug":"escape-to-pacific","status":"publish","type":"page","link":"https:\/\/www.escapetonature.eu\/cz\/escape-to-pacific\/","title":{"rendered":"\u00dat\u011bk do Pacifiku"},"content":{"rendered":"\n<p><strong>Projekt ochrany mo\u0159sk\u00e9 fauny a fl\u00f3ry<\/strong><\/p>\n\n\n\n<p><strong>C\u00edl:<\/strong> \u201e<strong>\u00dat\u011bk do Pacifiku &#8211; Escape to Pacific<\/strong>\u201c je iniciativou na ochranu mo\u0159sk\u00e9 fauny a fl\u00f3ry, kter\u00e1 je v\u011bnov\u00e1na pr\u016fzkumu, pozorov\u00e1n\u00ed a ochran\u011b oce\u00e1nsk\u00e9ho ekosyst\u00e9mu Tich\u00e9ho oce\u00e1nu. Projekt se zam\u011b\u0159uje na pochopen\u00ed dopad\u016f zm\u011bny klimatu a zne\u010di\u0161t\u011bn\u00ed oce\u00e1n\u016f na mo\u0159sk\u00fd \u017eivot s d\u016frazem na udr\u017eitelnost podmo\u0159sk\u00e9ho \u017eivota.<\/p>\n\n\n\n<p><strong>V\u00fdstupy:<\/strong><\/p>\n\n\n\n<ul class=\"wp-block-list\">\n<li>Unik\u00e1tn\u00ed televizn\u00ed seri\u00e1l, online filmy a celove\u010dern\u00ed dokument\u00e1rn\u00ed film pro distribuci do kin z cel\u00e9 t\u00e9to dobrodru\u017en\u00e9 v\u00fdpravy<\/li>\n\n\n\n<li>18 x 52 minut b\u011bhem \u0161esti let (3 epizody ro\u010dn\u011b)<\/li>\n\n\n\n<li>Plavba katamar\u00e1nem z Evropy do Pacifiku<\/li>\n\n\n\n<li>N\u011bkolik sez\u00f3n \u2013 na souostrov\u00edch a jejich odlehl\u00fdch ostrovech v Tich\u00e9m oce\u00e1nu<\/li>\n\n\n\n<li>Videoklipy ve 360 a 180 stupn\u00edch ve virtu\u00e1ln\u00ed realit\u011b (VR) \u00dat\u011bk do p\u0159\u00edrody<\/li>\n\n\n\n<li>Videokan\u00e1l \u00dat\u011bk do p\u0159\u00edrody na YouTube<\/li>\n<\/ul>\n\n\n\n<p><strong>Kl\u00ed\u010dov\u00e9 \u010d\u00e1sti projektu:<\/strong><\/p>\n\n\n\n<p><strong>Pr\u016fzkum a pozorov\u00e1n\u00ed:<\/strong><\/p>\n\n\n\n<ul class=\"wp-block-list\">\n<li>Pr\u016fzkumn\u00e9 expedice: Prov\u00e1d\u011bn\u00ed rozs\u00e1hl\u00fdch pr\u016fzkum\u016f k mapov\u00e1n\u00ed mo\u0159sk\u00e9 biodiverzity a stanovi\u0161\u0165.<\/li>\n\n\n\n<li>Pot\u00e1p\u011b\u010dsk\u00e9 mise: Vyu\u017eit\u00ed pokro\u010dil\u00fdch pot\u00e1p\u011b\u010dsk\u00fdch technik a vybaven\u00ed k pr\u016fzkumu mo\u0159sk\u00fdch prost\u0159ed\u00ed.<\/li>\n\n\n\n<li>D\u00e1lkov\u00fd pr\u016fzkum: Nasazen\u00ed satelitn\u00ed a dronov\u00e9 technologie pro \u0161iroko\u00fahl\u00e9 monitorov\u00e1n\u00ed a sb\u011br dat.<\/li>\n<\/ul>\n\n\n\n<p><strong>Monitorov\u00e1n\u00ed zm\u011bny klimatu:<\/strong><\/p>\n\n\n\n<ul class=\"wp-block-list\">\n<li>Studie teploty a okyselov\u00e1n\u00ed: M\u011b\u0159en\u00ed teplotn\u00edch v\u00fdkyv\u016f oce\u00e1nu a pH \u00farovn\u00ed k posouzen\u00ed dopadu glob\u00e1ln\u00edho oteplov\u00e1n\u00ed a okyselov\u00e1n\u00ed na mo\u0159sk\u00e9 ekosyst\u00e9my.<\/li>\n\n\n\n<li>Zdrav\u00ed kor\u00e1lov\u00fdch \u00fates\u016f: Monitorov\u00e1n\u00ed b\u011blen\u00ed kor\u00e1l\u016f a degradace \u00fates\u016f k pochopen\u00ed \u00fa\u010dink\u016f zm\u011bny klimatu.<\/li>\n\n\n\n<li>Migra\u010dn\u00ed vzorce druh\u016f: Sledov\u00e1n\u00ed pohybu mo\u0159sk\u00fdch druh\u016f k ur\u010den\u00ed zm\u011bn v migraci v d\u016fsledku m\u011bn\u00edc\u00edch se podm\u00ednek oce\u00e1nu.<\/li>\n<\/ul>\n\n\n\n<p><strong>Hodnocen\u00ed zne\u010di\u0161t\u011bn\u00ed:<\/strong><\/p>\n\n\n\n<ul class=\"wp-block-list\">\n<li>Zne\u010di\u0161t\u011bn\u00ed plasty: Zkoum\u00e1n\u00ed rozsahu a dopadu plastov\u00e9ho odpadu na mo\u0159sk\u00fd \u017eivot, v\u010detn\u011b jeho po\u017eit\u00ed a zamot\u00e1n\u00ed.<\/li>\n\n\n\n<li>Chemick\u00e9 kontaminanty: Anal\u00fdza vzork\u016f vody na p\u0159\u00edtomnost \u0161kodliv\u00fdch chemik\u00e1li\u00ed a zne\u010di\u0161\u0165uj\u00edc\u00edch l\u00e1tek.<\/li>\n\n\n\n<li>V\u00fdzkum mikroplast\u016f: Studium distribuce a \u00fa\u010dink\u016f mikroplast\u016f na mo\u0159sk\u00e9 organismy.<\/li>\n<\/ul>\n\n\n\n<p><strong>Udr\u017eitelnost podmo\u0159sk\u00e9ho \u017eivota:<\/strong><\/p>\n\n\n\n<ul class=\"wp-block-list\">\n<li>Ochrana stanovi\u0161\u0165: Zaji\u0161t\u011bn\u00ed dlouhodob\u00e9ho zdrav\u00ed mo\u0159sk\u00fdch stanovi\u0161\u0165 ochranou kritick\u00fdch ekosyst\u00e9m\u016f, jako jsou kor\u00e1lov\u00e9 \u00fatesy, podmo\u0159sk\u00e9 louky a mangrovy.<\/li>\n\n\n\n<li>Udr\u017eiteln\u00e9 rybolovn\u00e9 praktiky: Podpora a prosazov\u00e1n\u00ed udr\u017eiteln\u00fdch rybolovn\u00fdch metod k prevenci nadm\u011brn\u00e9ho rybolovu a necht\u011bn\u00e9ho \u00falovku, \u010d\u00edm\u017e se udr\u017euj\u00ed vyv\u00e1\u017een\u00e9 mo\u0159sk\u00e9 populace.<\/li>\n\n\n\n<li>Ekosyst\u00e9mov\u00e9 slu\u017eby: Zd\u016frazn\u011bn\u00ed v\u00fdznamu podmo\u0159sk\u00fdch ekosyst\u00e9m\u016f p\u0159i poskytov\u00e1n\u00ed z\u00e1kladn\u00edch slu\u017eeb, jako je sekvestrace uhl\u00edku, ochrana pob\u0159e\u017e\u00ed a podpora biodiverzity.<\/li>\n<\/ul>\n\n\n\n<p><strong>Strategie ochrany:<\/strong><\/p>\n\n\n\n<ul class=\"wp-block-list\">\n<li>Chr\u00e1n\u011bn\u00e9 oblasti: Identifikace a prosazov\u00e1n\u00ed vytv\u00e1\u0159en\u00ed mo\u0159sk\u00fdch chr\u00e1n\u011bn\u00fdch oblast\u00ed (MPA) k ochran\u011b kritick\u00fdch stanovi\u0161\u0165.<\/li>\n\n\n\n<li>Projekty obnovy: Zah\u00e1jen\u00ed obnovy kor\u00e1lov\u00fdch \u00fates\u016f a dal\u0161\u00edch rehabilita\u010dn\u00edch \u00fasil\u00ed stanovi\u0161\u0165.<\/li>\n\n\n\n<li>Advokacie politiky: Spolupr\u00e1ce s vl\u00e1dami a organizacemi na v\u00fdvoji a prosazov\u00e1n\u00ed environment\u00e1ln\u00edch p\u0159edpis\u016f a politik.<\/li>\n<\/ul>\n\n\n\n<p><strong>Zapojen\u00ed komunity a vzd\u011bl\u00e1v\u00e1n\u00ed:<\/strong><\/p>\n\n\n\n<ul class=\"wp-block-list\">\n<li>Kampan\u011b pro zv\u00fd\u0161en\u00ed pov\u011bdom\u00ed ve\u0159ejnosti: Zvy\u0161ov\u00e1n\u00ed pov\u011bdom\u00ed o ochran\u011b mo\u0159sk\u00e9ho \u017eivota a udr\u017eitelnosti prost\u0159ednictv\u00edm soci\u00e1ln\u00edch m\u00e9di\u00ed, dokument\u016f\u00e1rn\u00edch film\u016f, fotografi\u00ed, \u010dl\u00e1nk\u016f v m\u00e9di\u00edch a ve\u0159ejn\u00fdch akc\u00ed.<\/li>\n\n\n\n<li>Vzd\u011bl\u00e1vac\u00ed programy: Spolupr\u00e1ce se \u0161kolami a univerzitami na poskytov\u00e1n\u00ed vzd\u011bl\u00e1vac\u00edch zdroj\u016f a p\u0159\u00edle\u017eitost\u00ed pro studenty.<\/li>\n\n\n\n<li>Ob\u010dansk\u00e1 v\u011bda: Povzbuzov\u00e1n\u00ed ve\u0159ejnosti k \u00fa\u010dasti na sb\u011bru dat a ochran\u00e1\u0159sk\u00fdch aktivit\u00e1ch.<\/li>\n<\/ul>\n\n\n\n<p><strong>V\u011bdeck\u00fd v\u00fdzkum a spolupr\u00e1ce:<\/strong><\/p>\n\n\n\n<ul class=\"wp-block-list\">\n<li>Partnerstv\u00ed: Spolupr\u00e1ce s mo\u0159sk\u00fdmi biology, oce\u00e1nografy a environment\u00e1ln\u00edmi v\u011bdci z cel\u00e9ho sv\u011bta.<\/li>\n\n\n\n<li>Sd\u00edlen\u00ed dat: Vytvo\u0159en\u00ed otev\u0159en\u00e9 datab\u00e1ze pro v\u00fdzkumn\u00edky ke sd\u00edlen\u00ed v\u00fdsledk\u016f a p\u0159isp\u00edv\u00e1n\u00ed k celosv\u011btov\u00fdm snah\u00e1m o ochranu mo\u0159\u00ed.<\/li>\n\n\n\n<li>Inovativn\u00ed technologie: V\u00fdvoj a vyu\u017e\u00edv\u00e1n\u00ed \u0161pi\u010dkov\u00fdch technologi\u00ed pro mo\u0159sk\u00fd v\u00fdzkum a ochranu.<\/li>\n<\/ul>\n\n\n\n<p><strong>C\u00edle a dopady:<\/strong><\/p>\n\n\n\n<ul class=\"wp-block-list\">\n<li>Ochrana biodiverzity: Ochrana r\u016fznorod\u00fdch mo\u0159sk\u00fdch druh\u016f a jejich stanovi\u0161\u0165 p\u0159ed nep\u0159\u00edzniv\u00fdmi \u00fa\u010dinky zm\u011bny klimatu a zne\u010di\u0161t\u011bn\u00ed.<\/li>\n\n\n\n<li>Obnova ekosyst\u00e9m\u016f: Obnova po\u0161kozen\u00fdch mo\u0159sk\u00fdch prost\u0159ed\u00ed prost\u0159ednictv\u00edm c\u00edlen\u00fdch ochran\u00e1\u0159sk\u00fdch a obnovovac\u00edch \u00fasil\u00ed.<\/li>\n\n\n\n<li>Udr\u017eiteln\u00e9 praktiky: Podpora udr\u017eiteln\u00fdch praktik ke sn\u00ed\u017een\u00ed lidsk\u00e9ho dopadu na oce\u00e1n a zaji\u0161t\u011bn\u00ed dlouhodob\u00e9ho zdrav\u00ed oce\u00e1nu.<\/li>\n\n\n\n<li>Informovan\u00e1 tvorba politik: Poskytov\u00e1n\u00ed v\u011bdeck\u00fdch dat a poznatk\u016f k informov\u00e1n\u00ed politick\u00fdch rozhodnut\u00ed a podpo\u0159e efektivn\u00ed spr\u00e1vy \u017eivotn\u00edho prost\u0159ed\u00ed.<\/li>\n\n\n\n<li>Udr\u017eitelnost podmo\u0159sk\u00e9ho \u017eivota: Zaji\u0161t\u011bn\u00ed udr\u017eitelnosti podmo\u0159sk\u00e9ho \u017eivota udr\u017eov\u00e1n\u00edm zdrav\u00fdch ekosyst\u00e9m\u016f a vyv\u00e1\u017een\u00fdch mo\u0159sk\u00fdch populac\u00ed.<\/li>\n<\/ul>\n\n\n\n<p><strong>Jak se zapojit:<\/strong><\/p>\n\n\n\n<ul class=\"wp-block-list\">\n<li>Dobrovolnictv\u00ed: P\u0159ipojte se k ter\u00e9nn\u00edm expedic\u00edm nebo pom\u00e1hejte s m\u00edstn\u00edmi ochran\u00e1\u0159sk\u00fdmi \u00fasil\u00edmi.<\/li>\n\n\n\n<li>Darujte: Podpo\u0159te projekt finan\u010dn\u011b a pomozte financovat v\u00fdzkum, ochran\u00e1\u0159sk\u00e9 aktivity a vzd\u011bl\u00e1vac\u00ed programy.<\/li>\n\n\n\n<li>Prosazujte: Zvy\u0161ujte pov\u011bdom\u00ed a prosazujte ochranu mo\u0159sk\u00e9ho \u017eivota a udr\u017eitelnost ve sv\u00e9 komunit\u011b a na soci\u00e1ln\u00edch m\u00e9di\u00edch.<\/li>\n<\/ul>\n\n\n\n<p>\u201e\u00dat\u011bk do Pacifiku\u201c je kl\u00ed\u010dovou iniciativou zam\u011b\u0159enou na zachov\u00e1n\u00ed zdrav\u00ed a rozmanitosti na\u0161ich oce\u00e1n\u016f pro budouc\u00ed generace. T\u00edm, \u017ee se \u0159e\u0161\u00ed v\u00fdzvy zp\u016fsoben\u00e9 zm\u011bnou klimatu a zne\u010di\u0161t\u011bn\u00edm a zd\u016fraz\u0148uj\u00ed udr\u017eiteln\u00e9 praktiky, projekt usiluje o trval\u00fd pozitivn\u00ed dopad na mo\u0159sk\u00e9 ekosyst\u00e9my.<\/p>\n\n\n\n<p><strong>Plavba na katamar\u00e1nu<\/strong><\/p>\n\n\n\n<figure class=\"wp-block-image size-large\"><img fetchpriority=\"high\" decoding=\"async\" width=\"1024\" height=\"497\" src=\"https:\/\/www.escapetonature.eu\/wp-content\/uploads\/2022\/08\/Map_voyage-1024x497.jpg\" alt=\"\" class=\"wp-image-3942\" srcset=\"https:\/\/www.escapetonature.eu\/wp-content\/uploads\/2022\/08\/Map_voyage-1024x497.jpg 1024w, https:\/\/www.escapetonature.eu\/wp-content\/uploads\/2022\/08\/Map_voyage-300x146.jpg 300w, https:\/\/www.escapetonature.eu\/wp-content\/uploads\/2022\/08\/Map_voyage-150x73.jpg 150w, https:\/\/www.escapetonature.eu\/wp-content\/uploads\/2022\/08\/Map_voyage-768x372.jpg 768w, https:\/\/www.escapetonature.eu\/wp-content\/uploads\/2022\/08\/Map_voyage-1536x745.jpg 1536w, https:\/\/www.escapetonature.eu\/wp-content\/uploads\/2022\/08\/Map_voyage-2048x993.jpg 2048w, https:\/\/www.escapetonature.eu\/wp-content\/uploads\/2022\/08\/Map_voyage-2000x970.jpg 2000w, https:\/\/www.escapetonature.eu\/wp-content\/uploads\/2022\/08\/Map_voyage-1000x485.jpg 1000w, https:\/\/www.escapetonature.eu\/wp-content\/uploads\/2022\/08\/Map_voyage-1800x873.jpg 1800w, https:\/\/www.escapetonature.eu\/wp-content\/uploads\/2022\/08\/Map_voyage-1155x560.jpg 1155w, https:\/\/www.escapetonature.eu\/wp-content\/uploads\/2022\/08\/Map_voyage-600x291.jpg 600w\" sizes=\"(max-width: 1024px) 100vw, 1024px\" \/><figcaption class=\"wp-element-caption\">Plavba na katamar\u00e1nu<\/figcaption><\/figure>\n\n\n\n<p><strong>\u00dat\u011bk do Pacifiku:<\/strong> plavba<\/p>\n\n\n\n<p><strong>Za\u010d\u00e1tek nat\u00e1\u010den\u00ed:<\/strong> Nat\u00e1\u010den\u00ed pro \u201e\u00dat\u011bk do Pacifiku\u201c se vyd\u00e1 na mimo\u0159\u00e1dnou plavbu z Evropy, p\u0159i\u010dem\u017e bude prozkoum\u00e1vat \u017eiv\u00e9 mo\u0159sk\u00e9 ekosyst\u00e9my na trase p\u0159es Atlantik a\u017e do Pacifiku.<\/p>\n\n\n\n<p><strong>Itiner\u00e1\u0159 plavby:<\/strong> <\/p>\n\n\n\n<p><strong>Z Evropy do Pacifiku:<\/strong> <\/p>\n\n\n\n<p>Expedice vypluje z Evropy a zam\u00ed\u0159\u00ed jihoz\u00e1padn\u011b ke Kan\u00e1rsk\u00fdm ostrov\u016fm.<\/p>\n\n\n\n<ul class=\"wp-block-list\">\n<li><strong>Fuerteventura (Canarias):<\/strong> &#8220;<strong><a href=\"https:\/\/www.escapetonature.eu\/trailers\/\">Trailer &#8211; Escape to Fuerteventura<\/a><\/strong>&#8221; Pr\u016fzkum jedine\u010dn\u00fdch podmo\u0159sk\u00fdch krajin a rozmanit\u00e9 mo\u0159sk\u00e9 fauny a fl\u00f3ry. Dopln\u011bn\u00ed z\u00e1sob na p\u0159eplavbu Atlantiku.<\/li>\n<\/ul>\n\n\n\n<p>P\u0159ekro\u010den\u00ed Atlantiku do Svat\u00e9 Lucie. Transatlantick\u00e1 plavba do Karibiku s prvn\u00ed hlavn\u00ed zast\u00e1vkou na Svat\u00e9 Lucii.<\/p>\n\n\n\n<ul class=\"wp-block-list\">\n<li><strong>Svat\u00e1 Lucie:<\/strong> Dokumentace kor\u00e1lov\u00fdch \u00fates\u016f, sope\u010dn\u00fdch vrchol\u016f a dopadu turismu na mo\u0159sk\u00e1 stanovi\u0161t\u011b. Pr\u016fzkum Karibiku: Svat\u00e1 Lucie na r\u016fzn\u00e9 karibsk\u00e9 ostrovy.<\/li>\n<\/ul>\n\n\n\n<p>Zast\u00e1vky na ostrovech: N\u00e1v\u0161t\u011bva n\u011bkolika ostrov\u016f za \u00fa\u010delem studia jejich odli\u0161n\u00fdch mo\u0159sk\u00fdch prost\u0159ed\u00ed a ochran\u00e1\u0159sk\u00fdch snah.<\/p>\n\n\n\n<ul class=\"wp-block-list\">\n<li><strong>Miami, Florida:<\/strong> Kr\u00e1tk\u00e1 zast\u00e1vka k prozkoum\u00e1n\u00ed pob\u0159e\u017en\u00edch a mo\u0159sk\u00fdch ochran\u00e1\u0159sk\u00fdch program\u016f v t\u00e9to oblasti a propagace projektu v USA.<\/li>\n<\/ul>\n\n\n\n<p>St\u0159edn\u00ed Amerika: Plavba z Miami pod\u00e9l pob\u0159e\u017e\u00ed St\u0159edn\u00ed Ameriky a p\u016fplav do Pacifiku.<\/p>\n\n\n\n<ul class=\"wp-block-list\">\n<li><strong>Mexiko:<\/strong> V\u00fdzkum Mezoamerick\u00e9ho bari\u00e9rov\u00e9ho \u00fatesu a m\u00edstn\u00edch ochran\u00e1\u0159sk\u00fdch iniciativ.<\/li>\n\n\n\n<li><strong>Belize:<\/strong> Pr\u016fzkum bari\u00e9rov\u00e9ho \u00fatesu Belize, kter\u00fd je na seznamu sv\u011btov\u00e9ho d\u011bdictv\u00ed UNESCO.<\/li>\n\n\n\n<li><strong>Honduras:<\/strong> Studium mo\u0159sk\u00e9 biodiverzity Bay Islands.<\/li>\n\n\n\n<li><strong>Nikaragua:<\/strong> Dokumentace m\u00e9n\u011b zn\u00e1m\u00fdch, ale bohat\u00fdch mo\u0159sk\u00fdch ekosyst\u00e9m\u016f zem\u011b.<\/li>\n\n\n\n<li><strong>Kostarika:<\/strong> Zv\u00fdrazn\u011bn\u00ed snah zem\u011b v oblasti ochrany mo\u0159sk\u00e9ho \u017eivota a udr\u017eiteln\u00fdch praktik.<\/li>\n\n\n\n<li><strong>Panamsk\u00fd pr\u016fplav do Pacifiku:<\/strong> Navigace Panamsk\u00fdm pr\u016fplavem do Tich\u00e9ho oce\u00e1nu.<\/li>\n\n\n\n<li><strong>Galap\u00e1gy:<\/strong> Kl\u00ed\u010dov\u00e1 zast\u00e1vka k pozorov\u00e1n\u00ed jedine\u010dn\u00fdch druh\u016f a prob\u00edhaj\u00edc\u00edch ochran\u00e1\u0159sk\u00fdch snah.<\/li>\n<\/ul>\n\n\n\n<p>Plavba po tichomo\u0159sk\u00fdch ostrovech:<\/p>\n\n\n\n<ul class=\"wp-block-list\">\n<li><strong>Mark\u00e9zy, Francouzsk\u00e1 Polyn\u00e9sie:<\/strong> V\u00fdzkum mo\u0159sk\u00e9ho \u017eivota a dopadu zm\u011bny klimatu.<\/li>\n\n\n\n<li><strong>Fid\u017ei:<\/strong> Studium kor\u00e1lov\u00fdch \u00fates\u016f a komunitn\u011b \u0159\u00edzen\u00fdch ochran\u00e1\u0159sk\u00fdch program\u016f.<\/li>\n\n\n\n<li><strong>Cookovy ostrovy:<\/strong> Pr\u016fzkum mo\u0159sk\u00fdch rezervac\u00ed a udr\u017eiteln\u00fdch turistick\u00fdch praktik.<\/li>\n\n\n\n<li><strong>Tonga:<\/strong> Dokumentace migrace velryb a mo\u0159sk\u00e9 biodiverzity.<\/li>\n\n\n\n<li><strong>Samoa:<\/strong> Pochopen\u00ed tradi\u010dn\u00edch metod ochrany mo\u0159sk\u00e9ho \u017eivota.<\/li>\n\n\n\n<li><strong>Nov\u00e1 Kaledonie:<\/strong> V\u00fdzkum rozs\u00e1hl\u00fdch kor\u00e1lov\u00fdch \u00fatesov\u00fdch syst\u00e9m\u016f.<\/li>\n\n\n\n<li><strong>Vanuatu:<\/strong> Pozorov\u00e1n\u00ed sope\u010dn\u00fdch podmo\u0159sk\u00fdch krajin a m\u00edstn\u00edch ochran\u00e1\u0159sk\u00fdch iniciativ.<\/li>\n\n\n\n<li><strong>\u0160alamounovy ostrovy:<\/strong> Zkoum\u00e1n\u00ed bohat\u00fdch mo\u0159sk\u00fdch ekosyst\u00e9m\u016f a dopad\u016f zm\u011bny klimatu.<\/li>\n\n\n\n<li><strong>Papua-Nov\u00e1 Guinea:<\/strong> Zakon\u010den\u00ed tichomo\u0159sk\u00e9 plavby pr\u016fzkumem nedot\u010den\u00fdch mo\u0159sk\u00fdch stanovi\u0161\u0165.<\/li>\n<\/ul>\n\n\n\n<p>Klinkni na: <strong><a href=\"https:\/\/www.escapetonature.eu\/wp-content\/uploads\/2026\/04\/EtP_PITCH.pdf\">PITCH projektu v PDF<\/a><\/strong><\/p>\n\n\n\n<p><\/p>\n\n\n\n<p>C\u00edle filma\u0159sk\u00e9 plavby <\/p>\n\n\n\n<p><strong>Dokumentace biodiverzity:<\/strong> Zachytit rozmanit\u00fd mo\u0159sk\u00fd \u017eivot a jedine\u010dn\u00e9 ekosyst\u00e9my nalezen\u00e9 na trase.<\/p>\n\n\n\n<p><strong>Anal\u00fdza dopad\u016f:<\/strong> Studovat dopady zm\u011bny klimatu, zne\u010di\u0161t\u011bn\u00ed a lidsk\u00fdch aktivit na r\u016fzn\u00e1 mo\u0159sk\u00e1 prost\u0159ed\u00ed.<\/p>\n\n\n\n<p><strong>Ochran\u00e1\u0159sk\u00e9 snahy:<\/strong> Zv\u00fdraznit \u00fasp\u011b\u0161n\u00e9 ochran\u00e1\u0159sk\u00e9 projekty a udr\u017eiteln\u00e9 praktiky v r\u016fzn\u00fdch regionech.<\/p>\n\n\n\n<p><strong>Kulturn\u00ed vhledy:<\/strong> Pochopit a dokumentovat vztahy m\u00edstn\u00edch komunit k oce\u00e1nu a jejich tradi\u010dn\u00ed metody ochrany.<\/p>\n\n\n\n<p><strong>Ve\u0159ejn\u00e9 pov\u011bdom\u00ed:<\/strong> Zv\u00fd\u0161it glob\u00e1ln\u00ed pov\u011bdom\u00ed o d\u016fle\u017eitosti ochrany mo\u0159sk\u00e9ho \u017eivota a nal\u00e9hav\u00e9 pot\u0159eb\u011b chr\u00e1nit na\u0161e oce\u00e1ny.<\/p>\n\n\n\n<p>Jak sledovat plavbu?<\/p>\n\n\n\n<p><strong>Webov\u00e1 str\u00e1nka:<\/strong> Sledujte postup plavby, \u010dt\u011bte denn\u00ed z\u00e1znamy a prohl\u00ed\u017eejte si \u00fachvatn\u00e9 fotografie a videa.<\/p>\n\n\n\n<p><strong>Soci\u00e1ln\u00ed m\u00e9dia:<\/strong> Sledujte aktualizace na platform\u00e1ch jako Instagram, Twitter a Facebook pro re\u00e1ln\u00e9 \u010dasov\u00e9 p\u0159\u00edsp\u011bvky a interaktivn\u00ed Q&amp;A. <\/p>\n\n\n\n<p><strong>Dokumenty a seri\u00e1ly:<\/strong> Sledujte podrobn\u00e9 dokumenty a webov\u00fd seri\u00e1l, kter\u00fd detailn\u011b popisuje zji\u0161t\u011bn\u00ed a zku\u0161enosti z expedice. <\/p>\n\n\n\n<p><strong>Vzd\u011bl\u00e1vac\u00ed obsah:<\/strong> P\u0159\u00edstup k vzd\u011bl\u00e1vac\u00edm materi\u00e1l\u016fm a zdroj\u016fm ur\u010den\u00fdm pro \u0161koly a univerzity, inspirovan\u00e9 touto cestou.<\/p>\n\n\n\n<p>\u201e\u00dat\u011bk do Pacifiku\u201c slibuje b\u00fdt p\u0159elomov\u00fdm projektem v ochran\u011b mo\u0159sk\u00e9ho \u017eivota, kter\u00fd kombinuje rigor\u00f3zn\u00ed v\u011bdeck\u00fd v\u00fdzkum s dechberouc\u00edm vizu\u00e1ln\u00edm vypr\u00e1v\u011bn\u00edm. Prost\u0159ednictv\u00edm t\u00e9to epick\u00e9 plavby projekt usiluje o inspiraci glob\u00e1ln\u00edho hnut\u00ed sm\u011brem k udr\u017eiteln\u00e9mu hospoda\u0159en\u00ed s na\u0161imi oce\u00e1ny.<\/p>\n\n\n\n<p>Na\u0161\u00edm c\u00edlem je podporovat zm\u011bny v postoj\u00edch a chov\u00e1n\u00ed lid\u00ed, zejm\u00e9na p\u0159i nat\u00e1\u010den\u00ed skute\u010dn\u00e9 kr\u00e1sy na\u0161\u00ed planety. Prost\u0159ednictv\u00edm na\u0161ich film\u016f, p\u0159\u00edb\u011bh\u016f a v\u00fdzkumu p\u0159isp\u011bjeme k ochran\u011b na\u0161ich oce\u00e1n\u016f, kor\u00e1lov\u00fdch \u00fates\u016f a mo\u0159sk\u00e9ho \u017eivota. <strong><a href=\"https:\/\/www.escapetonature.eu\/cz\/team\/\" target=\"_blank\" rel=\"noreferrer noopener\">Mezin\u00e1rodn\u00ed pos\u00e1dka katamar\u00e1nu<\/a><\/strong> se skl\u00e1d\u00e1 ze zku\u0161en\u00fdch mo\u0159sk\u00fdch biolog\u016f, instruktor\u016f pot\u00e1p\u011bn\u00ed a jachta\u0159\u016f kte\u0159\u00ed jsou sou\u010d\u00e1st\u00ed t\u00fdmu t\u00e9to jedine\u010dn\u00e9 expedice.<\/p>\n\n\n\n<p><\/p>\n\n\n\n<div class=\"wp-block-media-text alignwide is-stacked-on-mobile\"><figure class=\"wp-block-media-text__media\"><img decoding=\"async\" width=\"853\" height=\"1024\" src=\"https:\/\/www.escapetonature.eu\/wp-content\/uploads\/2021\/07\/N7A0874ooooo_1200-853x1024.jpg\" alt=\"\" class=\"wp-image-3010 size-full\" srcset=\"https:\/\/www.escapetonature.eu\/wp-content\/uploads\/2021\/07\/N7A0874ooooo_1200-853x1024.jpg 853w, https:\/\/www.escapetonature.eu\/wp-content\/uploads\/2021\/07\/N7A0874ooooo_1200-250x300.jpg 250w, https:\/\/www.escapetonature.eu\/wp-content\/uploads\/2021\/07\/N7A0874ooooo_1200-125x150.jpg 125w, https:\/\/www.escapetonature.eu\/wp-content\/uploads\/2021\/07\/N7A0874ooooo_1200-768x922.jpg 768w, https:\/\/www.escapetonature.eu\/wp-content\/uploads\/2021\/07\/N7A0874ooooo_1200-467x560.jpg 467w, https:\/\/www.escapetonature.eu\/wp-content\/uploads\/2021\/07\/N7A0874ooooo_1200-600x720.jpg 600w, https:\/\/www.escapetonature.eu\/wp-content\/uploads\/2021\/07\/N7A0874ooooo_1200.jpg 1000w\" sizes=\"(max-width: 853px) 100vw, 853px\" \/><\/figure><div class=\"wp-block-media-text__content\">\n<p class=\"has-large-font-size\">Poplujte s n\u00e1mi<\/p>\n\n\n\n<p><strong>Po celou dobu nat\u00e1\u010den\u00ed bude jedna z kajut katamar\u00e1nu pro dva z\u00e1jemce o osobn\u00ed \u00fa\u010dast na projektu k dispozici.<\/strong> <\/p>\n\n\n\n<p>Dlouhodob\u00e9 p\u016fsoben\u00ed na katamar\u00e1nu b\u011bhem nat\u00e1\u010den\u00ed dokument\u00e1rn\u00edch film\u016f v t\u011bchto exotick\u00fdch destinac\u00edch (ka\u017ed\u00fd rok 8 m\u011bs\u00edc\u016f) je z\u00e1rukou po\u0159\u00edzen\u00ed kvalitn\u00edch z\u00e1b\u011br\u016f a v\u00edce po\u0159\u00edzen\u00e9ho obsahu. Katamar\u00e1n poskytne bezpe\u010dnou z\u00e1kladnu pro n\u00e1\u0161 projekt. Nep\u0159etr\u017eit\u00fd pobyt na katamar\u00e1nu cel\u00e9ho t\u00fdmu n\u00e1m umo\u017en\u00ed v\u011bt\u0161\u00ed flexibilitu pohybu, sob\u011bsta\u010dnost a v\u00fdb\u011br lokac\u00ed pro nat\u00e1\u010den\u00ed dle moment\u00e1ln\u00edch pot\u0159eb.<\/p>\n\n\n\n<p>V souvislosti s t\u00edmto projektem postupn\u011b navazujeme kontakty a dojedn\u00e1v\u00e1me spolupr\u00e1ci s mo\u0159sk\u00fdmi biology a nadacemi zam\u011b\u0159en\u00fdmi na ochranu oce\u00e1n\u016f a podmo\u0159sk\u00e9ho sv\u011bta.<\/p>\n<\/div><\/div>\n\n\n\n<p><\/p>\n\n\n\n<ul class=\"wp-block-list\">\n<li>V\u00e1\u017e\u00edme si <strong><a rel=\"noreferrer noopener\" href=\"https:\/\/www.escapetonature.eu\/pressrelease\/\" target=\"_blank\">spolupr\u00e1ce a partnerstv\u00ed<\/a><\/strong>  spole\u010dnosti a v\u00fdrobce katamar\u00e1n\u016f <strong><a rel=\"noreferrer noopener\" href=\"https:\/\/www.cata-lagoon.com\/en\" target=\"_blank\">Lagoon<\/a><\/strong> z Francie, kter\u00e1 je jedn\u00edm z hlavn\u00edch partner\u016f projektu. Na z\u00e1klad\u011b vz\u00e1jemn\u00e9 spolupr\u00e1ce budou m\u00edt \u010dlenov\u00e9 VIP Club Lagoon mo\u017enost se z\u00fa\u010dastnit na\u0161eho nat\u00e1\u010den\u00ed v Pacifiku. Projekt a spolupr\u00e1ce mezi Lagoon a Escape to Nature byly ofici\u00e1ln\u011b p\u0159edstaveny 8. z\u00e1\u0159\u00ed 2021 v <a href=\"https:\/\/youtu.be\/au9yRC-Qwwo\" target=\"_blank\" rel=\"noreferrer noopener\"><strong>Cannes Yachting Festival<\/strong><\/a> &#8211; na nejv\u011bt\u0161\u00edm veletrhu lod\u00ed v Evrop\u011b.<\/li>\n\n\n\n<li>Dal\u0161\u00edm d\u016fle\u017eit\u00fdm partnerem na\u0161eho projektu je <strong><a rel=\"noreferrer noopener\" href=\"https:\/\/www.mares.com\/cs_CZ\/\" target=\"_blank\">MARES<\/a><\/strong>, v\u00fdrobce profesion\u00e1ln\u00edho pot\u00e1p\u011b\u010dsk\u00e9ho vybaven\u00ed, kter\u00fd n\u00e1s bude podporovat v r\u00e1mci cel\u00e9ho projektu v Pacifiku.<\/li>\n\n\n\n<li>Navazujeme na dlouhodobou \u00fazkou spolupr\u00e1ci se zna\u010dkou <strong><a rel=\"noreferrer noopener\" href=\"https:\/\/www.canon.cz\/pro\/\" target=\"_blank\">Canon<\/a><\/strong>. Fotoapar\u00e1ty, kamery a objektivy pou\u017e\u00edv\u00e1me v\u00edce ne\u017e 2 desetilet\u00ed.<\/li>\n<\/ul>\n\n\n\n<p><strong>Investi\u010dn\u00ed p\u0159\u00edle\u017eitost &amp; Pobyt na palub\u011b katamar\u00e1nu<\/strong> \u2013 Sponzor\u016fm a partner\u016fm nab\u00edz\u00edme spoustu zaj\u00edmav\u00fdch benefit\u016f pro n\u00e1\u0161 dal\u0161\u00ed projekt \u00dat\u011bk do Pacifiku. M\u00e1te p\u0159\u00edle\u017eitost podpo\u0159it unik\u00e1tn\u00ed a smyslupln\u00fd projekt zam\u011b\u0159en\u00fd na ochranu mo\u0159sk\u00fdch \u017eivo\u010dich\u016f, kor\u00e1lov\u00fdch \u00fates\u016f a jejich monitorov\u00e1n\u00ed. Budeme sledovat dopady zm\u011bn klimatu a oteplov\u00e1n\u00ed oce\u00e1n\u016f na kvalitu podmo\u0159sk\u00e9ho sv\u011bta. Poj\u010fte se osobn\u011b pod\u00edlet na nat\u00e1\u010den\u00ed, pob\u00fdt n\u011bkolik dn\u016f na katamar\u00e1nu s na\u0161\u00edm t\u00fdmem a p\u0159itom m\u00edt stabiln\u00ed v\u00fdnos v eurech po dobu p\u011bti let. Sta\u0148te se z\u00e1rove\u0148 investorem, partnerem projektu, nebo \u010dlenem t\u00fdmu Escape to Nature. B\u011bhem projektu budeme objevovat nov\u00e1 nezn\u00e1m\u00e1 m\u00edsta na na\u0161\u00ed planet\u011b.<\/p>\n\n\n\n<p><strong>Podpo\u0159te n\u00e1s<\/strong> &#8211; hled\u00e1me partnery a sponzory. Pokud m\u00e1te z\u00e1jem podpo\u0159it tento jedine\u010dn\u00fd projekt zam\u011b\u0159en\u00fd na ochranu nedot\u010den\u00e9 p\u0159\u00edrody a voln\u011b \u017eij\u00edc\u00edch \u017eivo\u010dich\u016f v oce\u00e1nech, nebo m\u00e1te z\u00e1jem se osobn\u011b z\u00fa\u010dastnit nat\u00e1\u010den\u00ed, po\u0161lete n\u00e1m <strong><a href=\"mailto:filmmaker.etn@gmail.com\">e-mail<\/a><\/strong>, podpo\u0159te projekt jakoukoliv \u010d\u00e1stkou p\u0159\u00edmo klikem na banner n\u00ed\u017ee:.<\/p>\n\n\n\n<figure class=\"wp-block-image aligncenter size-large is-resized is-style-rounded\"><a href=\"https:\/\/www.bunq.me\/escapetonature\" target=\"_blank\" rel=\"noopener noreferrer\"><img decoding=\"async\" width=\"1024\" height=\"264\" src=\"https:\/\/www.escapetonature.eu\/wp-content\/uploads\/2020\/06\/Donate_Bunq_web-1024x264.png\" alt=\"Klikn\u011bte na banner a ode\u0161lete jakoukoli \u010d\u00e1stku\" class=\"wp-image-2055\" style=\"width:404px;height:auto\" srcset=\"https:\/\/www.escapetonature.eu\/wp-content\/uploads\/2020\/06\/Donate_Bunq_web-1024x264.png 1024w, https:\/\/www.escapetonature.eu\/wp-content\/uploads\/2020\/06\/Donate_Bunq_web-300x77.png 300w, https:\/\/www.escapetonature.eu\/wp-content\/uploads\/2020\/06\/Donate_Bunq_web-150x39.png 150w, https:\/\/www.escapetonature.eu\/wp-content\/uploads\/2020\/06\/Donate_Bunq_web-768x198.png 768w, https:\/\/www.escapetonature.eu\/wp-content\/uploads\/2020\/06\/Donate_Bunq_web-1000x258.png 1000w, https:\/\/www.escapetonature.eu\/wp-content\/uploads\/2020\/06\/Donate_Bunq_web-600x155.png 600w, https:\/\/www.escapetonature.eu\/wp-content\/uploads\/2020\/06\/Donate_Bunq_web.png 1200w\" sizes=\"(max-width: 1024px) 100vw, 1024px\" \/><\/a><figcaption class=\"wp-element-caption\">Klikn\u011bte na banner a ode\u0161lete jakoukoli \u010d\u00e1stku<\/figcaption><\/figure>\n\n\n\n<p><strong>Nez\u00e1vislost se v\u0161\u00edm v\u0161udy<\/strong><br>Escape to Nature je nez\u00e1visl\u00e1 filmov\u00e1 produkce, kter\u00e1 zaji\u0161\u0165uje ve\u0161ker\u00e9 n\u00e1klady na tvorbu a v\u00fdrobu film\u016f z vlastn\u00edch zdroj\u016f. I kdy\u017e existuje koprodukce s televizn\u00edmi kan\u00e1ly, v\u011bt\u0161\u00ed \u010d\u00e1st rozpo\u010dtu je st\u00e1le z\u00e1visl\u00e1 na extern\u00edch zdroj\u00edch a podpo\u0159e na\u0161ich partner\u016f, sponzor\u016f a investor\u016f.<\/p>\n\n\n\n<p><strong>Nez\u00e1vislost na pandemii Covid-19 a dal\u0161\u00edch zdravotn\u00edch rizik &#8211; d\u016fle\u017eit\u00e9 upozorn\u011bn\u00ed pro partnery a investory:<\/strong><br>N\u00e1\u0161 projekt nen\u00ed a nebude ohro\u017een v p\u0159\u00edpad\u011b pokra\u010dov\u00e1n\u00ed onemocn\u011bn\u00ed koronavirem (Covid-19), nebo\u0165 se n\u00e1\u0161 t\u00fdm bude pohybovat izolovan\u011b od civilizace na palub\u011b na\u0161eho vlastn\u00edho katamar\u00e1nu. Katamar\u00e1n bude vybaven tak, \u017ee nebudeme z\u00e1visl\u00ed na kotven\u00ed v p\u0159\u00edstavech. Za\u0159\u00edzen\u00ed na katamar\u00e1nu budou vyr\u00e1b\u011bt na\u0161i vlastn\u00ed energii pomoc\u00ed sol\u00e1rn\u00edch panel\u016f a gener\u00e1tor\u016f. Budeme eliminovat \u010dast\u00e9 zast\u00e1vky v p\u0159\u00edstavech, abychom dopl\u0148ovali n\u00e1dr\u017ee na vodu. Z mo\u0159sk\u00e9 vody budeme vyr\u00e1b\u011bt \u010distou, \u010derstvou pitnou vodu. Syst\u00e9m odsolov\u00e1n\u00ed vody pou\u017e\u00edv\u00e1 k \u00faprav\u011b prakticky jak\u00e9hokoli zdroje mo\u0159sk\u00e9 vody na \u010derstvou a nez\u00e1vadnou vodu, kterou lze pou\u017e\u00edt k pit\u00ed, koup\u00e1n\u00ed, p\u0159\u00edprav\u011b j\u00eddla, umyt\u00ed paluby a exteri\u00e9ru a mnoha dal\u0161\u00edm \u00fa\u010del\u016fm.<\/p>\n\n\n\n<p>V\u0161em partner\u016fm, sponzor\u016fm a t\u011bm, kte\u0159\u00ed n\u00e1m fand\u00ed a p\u0159isp\u011bj\u00ed jakoukoliv \u010d\u00e1stku jako dar na n\u00e1\u0161 projekt budeme pravideln\u011b poskytovat fotografie a kr\u00e1tk\u00e9 videoklipy k voln\u00e9mu pou\u017eit\u00ed a sd\u00edlen\u00ed. P\u0159ipravujeme vlastn\u00ed vys\u00edlac\u00ed kan\u00e1l s propojen\u00edm na soci\u00e1ln\u00edch s\u00edt\u011b, kde se o n\u00e1s budete pravideln\u011b dov\u00eddat nej\u010derstv\u011bj\u0161\u00ed informace z nat\u00e1\u010den\u00ed s mo\u017enost\u00ed se zapojit do diskuz\u00ed.<\/p>\n","protected":false},"excerpt":{"rendered":"<p>Projekt ochrany mo\u0159sk\u00e9 fauny a fl\u00f3ry C\u00edl: \u201e\u00dat\u011bk do Pacifiku &#8211; Escape to Pacific\u201c je iniciativou na ochranu mo\u0159sk\u00e9 fauny a fl\u00f3ry, kter\u00e1 je v\u011bnov\u00e1na pr\u016fzkumu, pozorov\u00e1n\u00ed a ochran\u011b oce\u00e1nsk\u00e9ho ekosyst\u00e9mu Tich\u00e9ho oce\u00e1nu. Projekt se zam\u011b\u0159uje na pochopen\u00ed dopad\u016f zm\u011bny klimatu a zne\u010di\u0161t\u011bn\u00ed oce\u00e1n\u016f na mo\u0159sk\u00fd \u017eivot s d\u016frazem na [&hellip;]<\/p>\n","protected":false},"author":2,"featured_media":4515,"parent":0,"menu_order":0,"comment_status":"closed","ping_status":"closed","template":"","meta":{"jetpack_post_was_ever_published":false,"inspiro_page_layout":"narrow","inspiro_hide_title":false,"footnotes":""},"class_list":["post-64","page","type-page","status-publish","has-post-thumbnail","hentry"],"translation":{"provider":"WPGlobus","version":"3.0.2","language":"cz","enabled_languages":["en","cz"],"languages":{"en":{"title":true,"content":true,"excerpt":false},"cz":{"title":true,"content":true,"excerpt":false}}},"jetpack_sharing_enabled":true,"jetpack_shortlink":"https:\/\/wp.me\/PaSTm9-12","jetpack_likes_enabled":false,"_links":{"self":[{"href":"https:\/\/www.escapetonature.eu\/cz\/wp-json\/wp\/v2\/pages\/64","targetHints":{"allow":["GET"]}}],"collection":[{"href":"https:\/\/www.escapetonature.eu\/cz\/wp-json\/wp\/v2\/pages"}],"about":[{"href":"https:\/\/www.escapetonature.eu\/cz\/wp-json\/wp\/v2\/types\/page"}],"author":[{"embeddable":true,"href":"https:\/\/www.escapetonature.eu\/cz\/wp-json\/wp\/v2\/users\/2"}],"replies":[{"embeddable":true,"href":"https:\/\/www.escapetonature.eu\/cz\/wp-json\/wp\/v2\/comments?post=64"}],"version-history":[{"count":456,"href":"https:\/\/www.escapetonature.eu\/cz\/wp-json\/wp\/v2\/pages\/64\/revisions"}],"predecessor-version":[{"id":4739,"href":"https:\/\/www.escapetonature.eu\/cz\/wp-json\/wp\/v2\/pages\/64\/revisions\/4739"}],"wp:featuredmedia":[{"embeddable":true,"href":"https:\/\/www.escapetonature.eu\/cz\/wp-json\/wp\/v2\/media\/4515"}],"wp:attachment":[{"href":"https:\/\/www.escapetonature.eu\/cz\/wp-json\/wp\/v2\/media?parent=64"}],"curies":[{"name":"wp","href":"https:\/\/api.w.org\/{rel}","templated":true}]}}